{"id":5282,"date":"2024-05-02T12:33:24","date_gmt":"2024-05-02T12:33:24","guid":{"rendered":"https:\/\/lgb.attraptemps.dev\/faq\/jardi-si-fa-mal-temps\/"},"modified":"2025-08-01T14:23:28","modified_gmt":"2025-08-01T14:23:28","slug":"jardi-si-fa-mal-temps","status":"publish","type":"faq","link":"https:\/\/www.lesgrandsbuffets.com\/ca\/faq\/jardi-si-fa-mal-temps\/","title":{"rendered":"Jard\u00ed si fa mal temps"},"content":{"rendered":"<p>Les reserves a Le Jardin estan subjectes a les condicions meteorol\u00f2giques. Les taules instal\u00b7lades als jardins estan protegits de la pluja.<\/p>\n<p>El Client accepta sense reserves que aquests perills puguin donar lloc a l&#8217;aplicaci\u00f3 de les seg\u00fcents condicions espec\u00edfiques de cancel\u00b7laci\u00f3:<\/p>\n<p>\u2022 Si les condicions meteorol\u00f2giques previstes per M\u00e9t\u00e9o France en els dies anteriors a la reserva, o que apareixen el dia de la reserva a Le Jardin, indiquen un risc de mol\u00e8sties per als clients, el Client ser\u00e0 informat per correu electr\u00f2nic el dia del menjar i tindr\u00e0 l&#8217;opci\u00f3 de cancel\u00b7lar la seva reserva sense c\u00e0rrec ni compensaci\u00f3.<\/p>\n<p>\u2022 Si les condicions meteorol\u00f2giques previstes per M\u00e9t\u00e9o France el dia de la reserva fan impossible l&#8217;\u00fas del Jard\u00ed, Les Grands Buffets cancel\u00b7lar\u00e0 la reserva sense cap c\u00e0rrec ni compensaci\u00f3 per a cap de les parts, i informar\u00e0 el Client per correu electr\u00f2nic com a molt tard el dia del menjar.<\/p>\n<p>\u2022 Si les condicions meteorol\u00f2giques previstes abans del dia de la reserva o que es produeixin el dia de la reserva siguin prou favorables per mantenir la reserva al Jard\u00ed, Les Grands Buffets no es pot fer responsable d&#8217;una variaci\u00f3 sobtada d&#8217;aquestes condicions que porti el Client i qualsevol convidat a desitjar ser traslladats, segons la disponibilitat, a l&#8217;interior abans o durant el menjar objecte de la reserva.<\/p>\n<p><strong>Les Grands Buffets no tindr\u00e0 cap obligaci\u00f3 de seure dins del restaurant al client la reserva del qual al jard\u00ed sigui cancel\u00b7lada o considerada inc\u00f2moda pel client.<\/strong><\/p>\n","protected":false},"parent":0,"template":"","meta":{"_acf_changed":false,"_et_pb_use_builder":"","_et_pb_old_content":"","_et_gb_content_width":""},"categorie-faq":[47,56],"class_list":["post-5282","faq","type-faq","status-publish","hentry","categorie-faq-informacio-sobre-reserves-a-partir-octubre-2025","categorie-faq-informacio-sobre-reserves-fins-30-setembre-2025"],"acf":[],"yoast_head":"<!-- This site is optimized with the Yoast SEO plugin v27.4 - https:\/\/yoast.com\/product\/yoast-seo-wordpress\/ -->\n<title>Qu\u00e8 passa si plou als jardins?<\/title>\n<meta name=\"description\" content=\"Les taules instal\u00b7lades als jardins estan protegits de la pluja. En cas de mal temps, la reserva es pot cancel\u00b7lar gratu\u00eftament.\" \/>\n<meta name=\"robots\" content=\"index, follow, max-snippet:-1, max-image-preview:large, max-video-preview:-1\" \/>\n<link rel=\"canonical\" href=\"https:\/\/www.lesgrandsbuffets.com\/ca\/faq\/jardi-si-fa-mal-temps\/\" \/>\n<meta property=\"og:locale\" content=\"ca_ES\" \/>\n<meta property=\"og:type\" content=\"article\" \/>\n<meta property=\"og:title\" content=\"Qu\u00e8 passa si plou als jardins?\" \/>\n<meta property=\"og:description\" content=\"Les taules instal\u00b7lades als jardins estan protegits de la pluja. En cas de mal temps, la reserva es pot cancel\u00b7lar gratu\u00eftament.\" \/>\n<meta property=\"og:url\" content=\"https:\/\/www.lesgrandsbuffets.com\/ca\/faq\/jardi-si-fa-mal-temps\/\" \/>\n<meta property=\"og:site_name\" content=\"Les Grands Buffets\" \/>\n<meta property=\"article:modified_time\" content=\"2025-08-01T14:23:28+00:00\" \/>\n<meta name=\"twitter:card\" content=\"summary_large_image\" \/>\n<meta name=\"twitter:label1\" content=\"Temps estimat de lectura\" \/>\n\t<meta name=\"twitter:data1\" content=\"1 minut\" \/>\n<script type=\"application\/ld+json\" class=\"yoast-schema-graph\">{\"@context\":\"https:\\\/\\\/schema.org\",\"@graph\":[{\"@type\":\"WebPage\",\"@id\":\"https:\\\/\\\/www.lesgrandsbuffets.com\\\/ca\\\/faq\\\/jardi-si-fa-mal-temps\\\/\",\"url\":\"https:\\\/\\\/www.lesgrandsbuffets.com\\\/ca\\\/faq\\\/jardi-si-fa-mal-temps\\\/\",\"name\":\"Qu\u00e8 passa si plou als jardins?\",\"isPartOf\":{\"@id\":\"https:\\\/\\\/www.lesgrandsbuffets.com\\\/ca\\\/#website\"},\"datePublished\":\"2024-05-02T12:33:24+00:00\",\"dateModified\":\"2025-08-01T14:23:28+00:00\",\"description\":\"Les taules instal\u00b7lades als jardins estan protegits de la pluja. En cas de mal temps, la reserva es pot cancel\u00b7lar gratu\u00eftament.\",\"breadcrumb\":{\"@id\":\"https:\\\/\\\/www.lesgrandsbuffets.com\\\/ca\\\/faq\\\/jardi-si-fa-mal-temps\\\/#breadcrumb\"},\"inLanguage\":\"ca\",\"potentialAction\":[{\"@type\":\"ReadAction\",\"target\":[\"https:\\\/\\\/www.lesgrandsbuffets.com\\\/ca\\\/faq\\\/jardi-si-fa-mal-temps\\\/\"]}]},{\"@type\":\"BreadcrumbList\",\"@id\":\"https:\\\/\\\/www.lesgrandsbuffets.com\\\/ca\\\/faq\\\/jardi-si-fa-mal-temps\\\/#breadcrumb\",\"itemListElement\":[{\"@type\":\"ListItem\",\"position\":1,\"name\":\"Accueil\",\"item\":\"https:\\\/\\\/www.lesgrandsbuffets.com\\\/ca\\\/\"},{\"@type\":\"ListItem\",\"position\":2,\"name\":\"Jard\u00ed si fa mal temps\"}]},{\"@type\":\"WebSite\",\"@id\":\"https:\\\/\\\/www.lesgrandsbuffets.com\\\/ca\\\/#website\",\"url\":\"https:\\\/\\\/www.lesgrandsbuffets.com\\\/ca\\\/\",\"name\":\"Les Grands Buffets\",\"description\":\"Maison fond\u00e9e en 1989\",\"publisher\":{\"@id\":\"https:\\\/\\\/www.lesgrandsbuffets.com\\\/ca\\\/#organization\"},\"potentialAction\":[{\"@type\":\"SearchAction\",\"target\":{\"@type\":\"EntryPoint\",\"urlTemplate\":\"https:\\\/\\\/www.lesgrandsbuffets.com\\\/ca\\\/?s={search_term_string}\"},\"query-input\":{\"@type\":\"PropertyValueSpecification\",\"valueRequired\":true,\"valueName\":\"search_term_string\"}}],\"inLanguage\":\"ca\"},{\"@type\":\"Organization\",\"@id\":\"https:\\\/\\\/www.lesgrandsbuffets.com\\\/ca\\\/#organization\",\"name\":\"Les Grands Buffets\",\"url\":\"https:\\\/\\\/www.lesgrandsbuffets.com\\\/ca\\\/\",\"logo\":{\"@type\":\"ImageObject\",\"inLanguage\":\"ca\",\"@id\":\"https:\\\/\\\/www.lesgrandsbuffets.com\\\/ca\\\/#\\\/schema\\\/logo\\\/image\\\/\",\"url\":\"https:\\\/\\\/www.lesgrandsbuffets.com\\\/wp-content\\\/uploads\\\/2025\\\/08\\\/LOGO-GB-2205-BLANC-LGB-favicon-BG.png\",\"contentUrl\":\"https:\\\/\\\/www.lesgrandsbuffets.com\\\/wp-content\\\/uploads\\\/2025\\\/08\\\/LOGO-GB-2205-BLANC-LGB-favicon-BG.png\",\"width\":512,\"height\":512,\"caption\":\"Les Grands Buffets\"},\"image\":{\"@id\":\"https:\\\/\\\/www.lesgrandsbuffets.com\\\/ca\\\/#\\\/schema\\\/logo\\\/image\\\/\"}}]}<\/script>\n<!-- \/ Yoast SEO plugin. -->","yoast_head_json":{"title":"Qu\u00e8 passa si plou als jardins?","description":"Les taules instal\u00b7lades als jardins estan protegits de la pluja. En cas de mal temps, la reserva es pot cancel\u00b7lar gratu\u00eftament.","robots":{"index":"index","follow":"follow","max-snippet":"max-snippet:-1","max-image-preview":"max-image-preview:large","max-video-preview":"max-video-preview:-1"},"canonical":"https:\/\/www.lesgrandsbuffets.com\/ca\/faq\/jardi-si-fa-mal-temps\/","og_locale":"ca_ES","og_type":"article","og_title":"Qu\u00e8 passa si plou als jardins?","og_description":"Les taules instal\u00b7lades als jardins estan protegits de la pluja. En cas de mal temps, la reserva es pot cancel\u00b7lar gratu\u00eftament.","og_url":"https:\/\/www.lesgrandsbuffets.com\/ca\/faq\/jardi-si-fa-mal-temps\/","og_site_name":"Les Grands Buffets","article_modified_time":"2025-08-01T14:23:28+00:00","twitter_card":"summary_large_image","twitter_misc":{"Temps estimat de lectura":"1 minut"},"schema":{"@context":"https:\/\/schema.org","@graph":[{"@type":"WebPage","@id":"https:\/\/www.lesgrandsbuffets.com\/ca\/faq\/jardi-si-fa-mal-temps\/","url":"https:\/\/www.lesgrandsbuffets.com\/ca\/faq\/jardi-si-fa-mal-temps\/","name":"Qu\u00e8 passa si plou als jardins?","isPartOf":{"@id":"https:\/\/www.lesgrandsbuffets.com\/ca\/#website"},"datePublished":"2024-05-02T12:33:24+00:00","dateModified":"2025-08-01T14:23:28+00:00","description":"Les taules instal\u00b7lades als jardins estan protegits de la pluja. En cas de mal temps, la reserva es pot cancel\u00b7lar gratu\u00eftament.","breadcrumb":{"@id":"https:\/\/www.lesgrandsbuffets.com\/ca\/faq\/jardi-si-fa-mal-temps\/#breadcrumb"},"inLanguage":"ca","potentialAction":[{"@type":"ReadAction","target":["https:\/\/www.lesgrandsbuffets.com\/ca\/faq\/jardi-si-fa-mal-temps\/"]}]},{"@type":"BreadcrumbList","@id":"https:\/\/www.lesgrandsbuffets.com\/ca\/faq\/jardi-si-fa-mal-temps\/#breadcrumb","itemListElement":[{"@type":"ListItem","position":1,"name":"Accueil","item":"https:\/\/www.lesgrandsbuffets.com\/ca\/"},{"@type":"ListItem","position":2,"name":"Jard\u00ed si fa mal temps"}]},{"@type":"WebSite","@id":"https:\/\/www.lesgrandsbuffets.com\/ca\/#website","url":"https:\/\/www.lesgrandsbuffets.com\/ca\/","name":"Les Grands Buffets","description":"Maison fond\u00e9e en 1989","publisher":{"@id":"https:\/\/www.lesgrandsbuffets.com\/ca\/#organization"},"potentialAction":[{"@type":"SearchAction","target":{"@type":"EntryPoint","urlTemplate":"https:\/\/www.lesgrandsbuffets.com\/ca\/?s={search_term_string}"},"query-input":{"@type":"PropertyValueSpecification","valueRequired":true,"valueName":"search_term_string"}}],"inLanguage":"ca"},{"@type":"Organization","@id":"https:\/\/www.lesgrandsbuffets.com\/ca\/#organization","name":"Les Grands Buffets","url":"https:\/\/www.lesgrandsbuffets.com\/ca\/","logo":{"@type":"ImageObject","inLanguage":"ca","@id":"https:\/\/www.lesgrandsbuffets.com\/ca\/#\/schema\/logo\/image\/","url":"https:\/\/www.lesgrandsbuffets.com\/wp-content\/uploads\/2025\/08\/LOGO-GB-2205-BLANC-LGB-favicon-BG.png","contentUrl":"https:\/\/www.lesgrandsbuffets.com\/wp-content\/uploads\/2025\/08\/LOGO-GB-2205-BLANC-LGB-favicon-BG.png","width":512,"height":512,"caption":"Les Grands Buffets"},"image":{"@id":"https:\/\/www.lesgrandsbuffets.com\/ca\/#\/schema\/logo\/image\/"}}]}},"_links":{"self":[{"href":"https:\/\/www.lesgrandsbuffets.com\/ca\/wp-json\/wp\/v2\/faq\/5282","targetHints":{"allow":["GET"]}}],"collection":[{"href":"https:\/\/www.lesgrandsbuffets.com\/ca\/wp-json\/wp\/v2\/faq"}],"about":[{"href":"https:\/\/www.lesgrandsbuffets.com\/ca\/wp-json\/wp\/v2\/types\/faq"}],"wp:attachment":[{"href":"https:\/\/www.lesgrandsbuffets.com\/ca\/wp-json\/wp\/v2\/media?parent=5282"}],"wp:term":[{"taxonomy":"categorie-faq","embeddable":true,"href":"https:\/\/www.lesgrandsbuffets.com\/ca\/wp-json\/wp\/v2\/categorie-faq?post=5282"}],"curies":[{"name":"wp","href":"https:\/\/api.w.org\/{rel}","templated":true}]}}