{"id":8139,"date":"2023-02-14T17:05:07","date_gmt":"2023-02-14T17:05:07","guid":{"rendered":"https:\/\/www.lesgrandsbuffets.com\/politique-de-confidentialite\/"},"modified":"2026-02-02T09:50:10","modified_gmt":"2026-02-02T09:50:10","slug":"politica-privadesa-avis-legal","status":"publish","type":"page","link":"https:\/\/www.lesgrandsbuffets.com\/ca\/politica-privadesa-avis-legal\/","title":{"rendered":"Politique de confidentialit\u00e9"},"content":{"rendered":"<h1>Pol\u00edtica de privadesa<\/h1>\n<p>&nbsp;<\/p>\n<p><i><span style=\"font-weight: 400;\">Les Grands Buffets construeix amb els seus clients, els seus socis i els seus col\u00b7laboradors relacions fortes i duradores, basades en la confian\u00e7a rec\u00edproca: garantir la seguretat i la confidencialitat de les seves dades de car\u00e0cter personal \u00e9s una prioritat absoluta per a Les Grands Buffets.<\/span><\/i><\/p>\n<p>&nbsp;<\/p>\n<p><i><span style=\"font-weight: 400;\">Les Grands Buffets respecta les disposicions reguladores i legislatives franceses i europees relatives a la protecci\u00f3 de dades de car\u00e0cter personal.<\/span><\/i><\/p>\n<p>&nbsp;<\/p>\n<p><i><span style=\"font-weight: 400;\">Les Grands Buffets aplica una pol\u00edtica de privadesa extremadament estricta per garantir la protecci\u00f3 de les dades de car\u00e0cter personal dels usuaris dels seus llocs web i d&#8217;altres aplicacions:<\/span><\/i><\/p>\n<p>&nbsp;<\/p>\n<ul>\n<li><i><span style=\"font-weight: 400;\">Cada usuari continua sent amo de les seves dades. S\u00f3n tractades de manera transparent, confidencial i segura.<\/span><\/i><\/li>\n<li><i><span style=\"font-weight: 400;\">Les Grands Buffets est\u00e0 comprom\u00e8s en un proc\u00e9s continu de protecci\u00f3 de les dades dels seus usuaris, en conformitat amb la Llei Inform\u00e0tica i Llibertats del 6 de gener de 1978 modificada (d&#8217;ara endavant \u00abLIL\u00bb) i del Reglament (UE) General sobre la Protecci\u00f3 de Dades del 27 d&#8217;abril de 2016 (d&#8217;ara endavant \u00abRGPD\u00bb).<\/span><\/i><\/li>\n<li><i><span style=\"font-weight: 400;\">Les Grands Buffets disposa d\u2019un Delegat de Protecci\u00f3 de Dades (Data Protection Officer) declarat davant la CNIL.<\/span><\/i><\/li>\n<\/ul>\n<p>&nbsp;<\/p>\n<h2>DEFINICIONS<\/h2>\n<p>&nbsp;<\/p>\n<p><span style=\"font-weight: 400;\">\u00ab<\/span><b>Dades de car\u00e0cter personal<\/b><span style=\"font-weight: 400;\">\u00bb designa qualsevol informaci\u00f3 relativa a una persona f\u00edsica identificada o identificable; es considera \u00abpersona f\u00edsica identificable\u00bb una persona f\u00edsica que pot ser identificada, directament o indirectament, especialment per refer\u00e8ncia a un identificador, com ara un nom, un n\u00famero d&#8217;identificaci\u00f3, dades de localitzaci\u00f3, un identificador en l\u00ednia, o a un o m\u00e9s elements espec\u00edfics propis de la seva identitat f\u00edsica, fisiol\u00f2gica, gen\u00e8tica, ps\u00edquica, econ\u00f2mica, cultural o social (d&#8217;ara endavant denominada \u00ab<\/span><b>Persona interessada<\/b><span style=\"font-weight: 400;\">\u00bb). <\/span><\/p>\n<p>&nbsp;<\/p>\n<p><span style=\"font-weight: 400;\">\u00ab<\/span><b>nosaltres<\/b><span style=\"font-weight: 400;\">\u00bb o \u00ab<\/span><b>nostre<\/b><span style=\"font-weight: 400;\">\u00bb designa l&#8217;entitat de Les Grands Buffets que opera activitats de tractament de Dades de car\u00e0cter personal.<\/span><\/p>\n<p>&nbsp;<\/p>\n<p><span style=\"font-weight: 400;\">\u00ab<\/span><b>Responsable del tractament<\/b><span style=\"font-weight: 400;\">\u00bb designa la persona f\u00edsica o jur\u00eddica que determina les finalitats i els mitjans del tractament.<\/span><\/p>\n<p>&nbsp;<\/p>\n<p><span style=\"font-weight: 400;\">\u00ab<\/span><b>Serveis<\/b><span style=\"font-weight: 400;\">\u00bb designa els serveis oferts al Portal d&#8217;internet i\/o en un dels nostres establiments.<\/span><\/p>\n<p>&nbsp;<\/p>\n<p><span style=\"font-weight: 400;\">\u00ab<\/span><b>Encarregat del tractament<\/b><span style=\"font-weight: 400;\">\u00bb designa la persona f\u00edsica o jur\u00eddica que tracta Dades de car\u00e0cter personal per compte del Responsable del tractament.<\/span><\/p>\n<p>&nbsp;<\/p>\n<p><span style=\"font-weight: 400;\">\u00ab<\/span><b>vost\u00e8<\/b><span style=\"font-weight: 400;\">\u00bb qualsevol usuari \/ visitant del Portal d&#8217;internet.<\/span><\/p>\n<p>&nbsp;<\/p>\n<p><span style=\"font-weight: 400;\">\u00ab<\/span><b>Portal<\/b><span style=\"font-weight: 400;\">\u00bb designa el present lloc web i\/o, si escau, l&#8217;aplicaci\u00f3 m\u00f2bil, aix\u00ed com els subllocs, llocs mirall, portals, i variacions d&#8217;URL relacionades si escau.<\/span><\/p>\n<p>&nbsp;<\/p>\n<p>&nbsp;<\/p>\n<h2>OBJECTE D&#8217;AQUESTA POL\u00cdTICA<\/h2>\n<p>&nbsp;<\/p>\n<p><span style=\"font-weight: 400;\">Donem molta import\u00e0ncia a la protecci\u00f3 de les vostres Dades de car\u00e0cter personal.<\/span><\/p>\n<p>&nbsp;<\/p>\n<p><span style=\"font-weight: 400;\">Hem desenvolupat aquesta pol\u00edtica per informar-vos de les condicions en les quals recollim, tractem, utilitzem i protegim les vostres Dades de car\u00e0cter personal. Us preguem que la llegiu atentament per saber quines categories de Dades de car\u00e0cter personal s\u00f3n objecte de recollida i tractament, com utilitzem aquestes dades i amb qui les podem compartir. Aquesta pol\u00edtica tamb\u00e9 descriu quins s\u00f3n els vostres drets i com us podeu posar en contacte amb nosaltres per exercir-los o per fer-nos les preguntes que tingueu sobre les vostres Dades de car\u00e0cter personal.<\/span><\/p>\n<p>&nbsp;<\/p>\n<p><span style=\"font-weight: 400;\">Aquesta Pol\u00edtica pot ser modificada, completada o actualitzada per tal de complir amb qualsevol evoluci\u00f3 legal, reguladora, jurisprudencial i t\u00e8cnica. No obstant aix\u00f2, les vostres Dades de car\u00e0cter personal seran sempre tractades d&#8217;acord amb la pol\u00edtica vigent en el moment de la seva recollida, tret que una prescripci\u00f3 legal imperativa disposi el contrari i sigui d&#8217;aplicaci\u00f3 retroactiva.<\/span><\/p>\n<p>&nbsp;<\/p>\n<p><span style=\"font-weight: 400;\">Aquesta pol\u00edtica forma part integrant de les Condicions Generals d&#8217;\u00fas del Portal d&#8217;internet.<\/span><\/p>\n<h2>IDENTITAT I DADES DE CONTACTE DEL RESPONSABLE DEL TRACTAMENT<\/h2>\n<p>&nbsp;<\/p>\n<p><span style=\"font-weight: 400;\">El responsable del tractament de les Dades de car\u00e0cter personal es troba a Les Grands Buffets, Giratoire de la Libert\u00e9 11100 a Narbona i es pot contactar a l&#8217;adre\u00e7a seg\u00fcent: responsabletraitementdonnees@lesgrandsbuffets.com<\/span><\/p>\n<p>&nbsp;<\/p>\n<h2>RECOLLIDA I ORIGEN DE LES DADES DE CAR\u00c0CTER PERSONAL<\/h2>\n<p>&nbsp;<\/p>\n<p><span style=\"font-weight: 400;\">Podem recollir les vostres Dades de car\u00e0cter personal directament (especialment mitjan\u00e7ant els formularis de recollida disponibles al nostre Portal d&#8217;internet) o indirectament (especialment mitjan\u00e7ant els nostres prove\u00efdors i\/o tecnologies del nostre Portal).<\/span><\/p>\n<p>&nbsp;<\/p>\n<p><span style=\"font-weight: 400;\">Ens comprometem a recollir el vostre consentiment i\/o a permetre-vos oposar-vos a l&#8217;\u00fas de les vostres dades per a determinades finalitats, tan bon punt sigui necessari. A m\u00e9s, podeu consentir, de manera opcional, a rebre comunicacions i ofertes personalitzades per part nostra. En aquest marc, per retirar el vostre consentiment, nom\u00e9s cal que feu clic a l&#8217;enlla\u00e7 de baixa present en l&#8217;\u00faltima comunicaci\u00f3 o oferta personalitzada rebuda. En tots els casos, se us informar\u00e0 de les finalitats per a les quals es recullen les vostres dades mitjan\u00e7ant els formularis de recollida de dades en l\u00ednia i mitjan\u00e7ant la <\/span><span style=\"font-weight: 400;\">Pol\u00edtica de gesti\u00f3 de galetes (cookies).<\/span><\/p>\n<p>&nbsp;<\/p>\n<p><span style=\"font-weight: 400;\">D&#8217;altra banda, qualsevol pagament amb targeta banc\u00e0ria que s&#8217;ofereixi al Portal d&#8217;internet ser\u00e0 gestionat pel nostre prove\u00efdor de pagaments especialitzat en transaccions segures en l\u00ednia. La transmissi\u00f3 de les vostres Dades de car\u00e0cter personal, com ara el n\u00famero, la data de validesa i el codi de seguretat de la targeta, es far\u00e0 mitjan\u00e7ant una connexi\u00f3 segura i directament a la seva plataforma dedicada. Els pagaments en l\u00ednia estaran protegits per una capa de seguretat addicional oferida pel proc\u00e9s d&#8217;autenticaci\u00f3 3DS.<\/span><\/p>\n<h2>TIPUS DE DADES DE CAR\u00c0CTER PERSONAL QUE RECOLLIM I UTILITZEM<\/h2>\n<p>&nbsp;<\/p>\n<p><span style=\"font-weight: 400;\">Podem recollir i tractar, especialment, els seg\u00fcents tipus de Dades de car\u00e0cter personal:<\/span><\/p>\n<p><span style=\"font-weight: 400;\">&#8211; la informaci\u00f3 que proporcioneu en omplir els formularis en el moment de fer la reserva al Portal d&#8217;internet, especialment amb finalitats de m\u00e0rqueting per transmetre-us en prim\u00edcia informacions relatives a les reserves a Les Grands Buffets (ex.: tractament, cognom, nom, etc.);<\/span><\/p>\n<p><span style=\"font-weight: 400;\">&#8211; <\/span><span style=\"font-weight: 400;\">la informaci\u00f3 que proporcioneu amb finalitats d&#8217;autenticaci\u00f3 i de navegaci\u00f3 per internet (ex.: adre\u00e7a IP, galetes, etc.);<\/span><\/p>\n<p><span style=\"font-weight: 400;\">&#8211; <\/span><span style=\"font-weight: 400;\">la informaci\u00f3 que proporcioneu amb finalitats de reserva i de pagament d&#8217;una prestaci\u00f3 o d&#8217;un Servei (ex.: n\u00famero de tel\u00e8fon, adre\u00e7a electr\u00f2nica i postal, n\u00famero de targeta banc\u00e0ria, etc.);<\/span><\/p>\n<p><span style=\"font-weight: 400;\">&#8211; <\/span><span style=\"font-weight: 400;\">la informaci\u00f3 que proporcioneu amb finalitats de gesti\u00f3 de la vostra candidatura i, si escau, del proc\u00e9s de la vostra contractaci\u00f3 (ex.: CV, informaci\u00f3 relativa a la vostra escolaritat, la vostra experi\u00e8ncia professional, distincions, diplomes, certificats, idiomes, pretensions salarials, etc.);<\/span><\/p>\n<p><span style=\"font-weight: 400;\">&#8211; <\/span><span style=\"font-weight: 400;\">la informaci\u00f3 que proporcioneu amb finalitats de gesti\u00f3 d&#8217;una sol\u00b7licitud o d&#8217;un servei;<\/span><\/p>\n<p>&nbsp;<\/p>\n<p><span style=\"font-weight: 400;\">Les Dades de car\u00e0cter personal identificades amb un asterisc en els formularis de recollida s\u00f3n obligat\u00f2ries perqu\u00e8 s\u00f3n necess\u00e0ries per a la presa en consideraci\u00f3 de la sol\u00b7licitud formulada. En cas de no omplir aquestes informacions obligat\u00f2ries, aquestes operacions no podran ser tingudes en compte.<\/span><\/p>\n<p>&nbsp;<\/p>\n<h2>DADES DE CAR\u00c0CTER PERSONAL QUE PODEM RECOLLIR DE MANERA AUTOM\u00c0TICA<\/h2>\n<p><b> <\/b><span style=\"font-weight: 400;\">Podem recollir certa informaci\u00f3 de manera autom\u00e0tica quan consulteu el Portal d&#8217;internet per tal de facilitar-ne l&#8217;\u00fas i personalitzar-lo millor, aix\u00ed com els nostres productes i Serveis, en funci\u00f3 dels vostres interessos i necessitats. Ens comprometem a recollir el vostre consentiment tan bon punt sigui necessari. Per a m\u00e9s informaci\u00f3, consulteu la nostra <\/span><span style=\"font-weight: 400;\">Pol\u00edtica de gesti\u00f3 de galetes.<\/span><\/p>\n<p>&nbsp;<\/p>\n<p><span style=\"font-weight: 400;\">Despr\u00e9s d&#8217;obtenir el vostre consentiment, podem recollir certa informaci\u00f3 de manera autom\u00e0tica quan visiteu el Portal amb la finalitat de personalitzar i millorar la vostra experi\u00e8ncia. Recollim aquesta informaci\u00f3 per diversos mitjans, a saber:<\/span><\/p>\n<p><b>Galetes (Cookies) <\/b><\/p>\n<p><span style=\"font-weight: 400;\">Una \u00abgaleta\u00bb \u00e9s un petit fitxer d&#8217;informaci\u00f3 enviat al vostre navegador quan esteu al nostre Portal i registrat al vostre terminal. Aquest fitxer inclou informaci\u00f3 com el nom del domini, el prove\u00efdor d&#8217;acc\u00e9s a Internet, el sistema operatiu, aix\u00ed com la data i l&#8217;hora d&#8217;acc\u00e9s de l&#8217;usuari. Les galetes no corren cap risc de malmetre el vostre terminal.<\/span><\/p>\n<p><span style=\"font-weight: 400;\">Les galetes no s&#8217;utilitzen per determinar la identitat d&#8217;un individu que visita el nostre lloc web. Les galetes ens permeten especialment determinar la vostra ubicaci\u00f3 geogr\u00e0fica i l&#8217;idioma de visualitzaci\u00f3 per millorar la vostra navegaci\u00f3. Tamb\u00e9 ens permeten tractar la informaci\u00f3 relativa a la vostra visita al lloc web, com ara les p\u00e0gines consultades i les cerques realitzades, per millorar el contingut del lloc, seguir els vostres centres d&#8217;inter\u00e8s i oferir-vos els continguts m\u00e9s adequats.<\/span><\/p>\n<p><span style=\"font-weight: 400;\">Si no voleu rebre galetes del nostre Portal, podeu configurar la vostra elecci\u00f3 utilitzant la nostra eina de gesti\u00f3 o configurant directament el vostre navegador.<\/span><\/p>\n<p><span style=\"font-weight: 400;\">Per a m\u00e9s informaci\u00f3, consulteu la nostra <\/span><span style=\"font-weight: 400;\">Pol\u00edtica de gesti\u00f3 de galetes.<\/span><\/p>\n<p><b>Adreces IP<\/b><\/p>\n<p><span style=\"font-weight: 400;\">Una adre\u00e7a IP \u00e9s un identificador \u00fanic que alguns dispositius electr\u00f2nics utilitzen per identificar-se i comunicar-se entre ells a Internet. Quan consulteu el lloc web, podem utilitzar l&#8217;adre\u00e7a IP del dispositiu que utilitzeu per connectar-vos-hi. Utilitzem aquesta informaci\u00f3 en el marc de les nostres estad\u00edstiques per comprendre de quina regi\u00f3 geogr\u00e0fica provenen els visitants del Portal d&#8217;internet.<\/span><\/p>\n<p><b>Estad\u00edstiques<\/b><\/p>\n<p><span style=\"font-weight: 400;\">El Portal pot utilitzar Google Analytics per generar informes estad\u00edstics. Aquests informes ens indiquen, per exemple, quants usuaris han consultat el Portal d&#8217;internet, quines p\u00e0gines s&#8217;han visitat i de quina zona geogr\u00e0fica provenen els usuaris del lloc web. La informaci\u00f3 recollida mitjan\u00e7ant les estad\u00edstiques pot incloure, per exemple, la vostra adre\u00e7a IP, el lloc web des del qual heu arribat al nostre lloc i el tipus de dispositiu que utilitzeu. La vostra adre\u00e7a IP est\u00e0 emmascarada en els nostres sistemes i nom\u00e9s s&#8217;utilitzar\u00e0 en cas de necessitat per resoldre problemes t\u00e8cnics, per administrar el Portal i per comprendre les prefer\u00e8ncies dels seus visitants. La informaci\u00f3 relativa al tr\u00e0nsit al Portal nom\u00e9s est\u00e0 disponible per al personal autoritzat. No utilitzem cap d&#8217;aquestes informacions per identificar els visitants i no les compartim amb tercers. <\/span><\/p>\n<h2>FINALITATS PER A LES QUALS UTILITZEM LES DADES DE CAR\u00c0CTER PERSONAL<\/h2>\n<p>&nbsp;<\/p>\n<p><span style=\"font-weight: 400;\">Podem utilitzar les vostres Dades de car\u00e0cter personal especialment per a les seg\u00fcents finalitats:<\/span><\/p>\n<table class=\"politics-table-first\">\n<tbody>\n<tr>\n<th><b>N\u00b0<\/b><\/th>\n<th><b>Finalitat del tractament<\/b><\/th>\n<th><b>Fonament legal<\/b><\/th>\n<th><b>Durada de conservaci\u00f3 de les dades<\/b><\/th>\n<\/tr>\n<\/tbody>\n<tbody>\n<tr>\n<td><b>1<\/b><\/td>\n<td><span style=\"font-weight: 400;\">Proporcionar els serveis i prestacions encarregats al Portal d&#8217;internet<\/span><\/td>\n<td><span style=\"font-weight: 400;\">L&#8217;execuci\u00f3 i la gesti\u00f3 de la nostra relaci\u00f3 contractual amb vost\u00e8<\/span><\/td>\n<td><span style=\"font-weight: 400;\">Fins a 5 anys des de l&#8217;\u00faltima activitat o la fi de la nostra relaci\u00f3 contractual<\/span><\/td>\n<\/tr>\n<tr>\n<td><b>2<\/b><\/td>\n<td><span style=\"font-weight: 400;\">Respondre a les vostres sol\u00b7licituds d&#8217;informaci\u00f3, de contacte o de cerques<\/span><\/td>\n<td><span style=\"font-weight: 400;\">L&#8217;execuci\u00f3 i la gesti\u00f3 de la nostra relaci\u00f3 contractual amb vost\u00e8. El nostre inter\u00e8s leg\u00edtim en comunicar i respondre a les vostres sol\u00b7licituds i per millorar la qualitat i l&#8217;excel\u00b7l\u00e8ncia operativa dels serveis que us oferim.<\/span><\/td>\n<td><span style=\"font-weight: 400;\">Fins a 12 mesos despr\u00e9s de l&#8217;\u00faltim contacte<\/span><\/td>\n<\/tr>\n<tr>\n<td><b>3<\/b><\/td>\n<td><span style=\"font-weight: 400;\">Enviar-vos ofertes i comunicacions dels nostres productes i serveis<\/span><\/td>\n<td><span style=\"font-weight: 400;\">El nostre inter\u00e8s leg\u00edtim en millorar la qualitat i l&#8217;excel\u00b7l\u00e8ncia operativa dels serveis que us oferim. El vostre consentiment per a la recepci\u00f3 de comunicacions i ofertes dels nostres socis.<\/span><\/td>\n<td><span style=\"font-weight: 400;\">Fins a 5 anys des de la recollida de les dades o l&#8217;\u00faltim contacte per part vostra<\/span><\/td>\n<\/tr>\n<tr>\n<td><b>4<\/b><\/td>\n<td><span style=\"font-weight: 400;\">Gesti\u00f3 dels expedients de candidatures, dels processos de selecci\u00f3 i de qualsevol procediment de contractaci\u00f3<\/span><\/td>\n<td><span style=\"font-weight: 400;\">L&#8217;execuci\u00f3 de la nostra relaci\u00f3 contractual. El nostre inter\u00e8s leg\u00edtim en gestionar les candidatures i els processos de selecci\u00f3 de perfils adaptats a les nostres necessitats. El compliment de certes obligacions legals. El vostre consentiment per a la conservaci\u00f3 del vostre expedient de candidat.<\/span><\/td>\n<td><span style=\"font-weight: 400;\">El temps del procediment de selecci\u00f3, si escau prorrogat per una durada de 2 anys despr\u00e9s d&#8217;obtenir el vostre consentiment. En el marc d&#8217;una contractaci\u00f3, durant el temps del per\u00edode d&#8217;ocupaci\u00f3.<\/span><\/td>\n<\/tr>\n<tr>\n<td><b>5<\/b><\/td>\n<td><span style=\"font-weight: 400;\">Personalitzar i millorar la vostra experi\u00e8ncia al nostre Portal<\/span><\/td>\n<td><span style=\"font-weight: 400;\">El nostre inter\u00e8s leg\u00edtim en millorar la qualitat i l&#8217;excel\u00b7l\u00e8ncia operativa dels serveis que us oferim<\/span><\/td>\n<td><span style=\"font-weight: 400;\">Fins a 12 mesos despr\u00e9s de l&#8217;\u00faltim contacte<\/span><\/td>\n<\/tr>\n<tr>\n<td><span style=\"font-weight: 400;\">6<\/span><\/td>\n<td><span style=\"font-weight: 400;\">Conservar les dades relatives als vostres tiquets de caixa i\/o factures amb vista a les nostres obligacions en mat\u00e8ria fiscal o comptable<\/span><\/td>\n<td><span style=\"font-weight: 400;\">El compliment de certes obligacions legals<\/span><\/td>\n<td><span style=\"font-weight: 400;\">Fins a 10 anys<\/span><\/td>\n<\/tr>\n<\/tbody>\n<\/table>\n<p>&nbsp;<\/p>\n<h2>DURADA DE CONSERVACI\u00d3 DE LES VOSTRES DADES DE CAR\u00c0CTER PERSONAL<\/h2>\n<p>&nbsp;<\/p>\n<p><span style=\"font-weight: 400;\">Conservarem les vostres Dades de car\u00e0cter personal durant un per\u00edode que no excedeixi la durada necess\u00e0ria per a les finalitats per a les quals s\u00f3n recollides i tractades (vegeu les taules anteriors).<\/span><b> <\/b><\/p>\n<p>&nbsp;<\/p>\n<p><span style=\"font-weight: 400;\">En acabar aquesta durada, les dades estrictament pertinents poden ser conservades (i) amb finalitats probat\u00f2ries (en cas de litigi o en cas de control per part d&#8217;organismes habilitats), (ii) amb finalitats de compliment de les durades de prescripci\u00f3 legals o reguladores i\/o (iii) per respectar una obligaci\u00f3 contractual amb els nostres clients.<\/span><\/p>\n<h2>COMUNICACI\u00d3 DE LES DADES PERSONALS<\/h2>\n<p>&nbsp;<\/p>\n<p><span style=\"font-weight: 400;\">La seguretat i la confidencialitat de les vostres Dades de car\u00e0cter personal s\u00f3n de gran import\u00e0ncia per a nosaltres. \u00c9s per aix\u00f2 que restringim l&#8217;acc\u00e9s a les vostres Dades nom\u00e9s als membres del nostre personal que en tinguin necessitat per tal de tractar la vostra sol\u00b7licitud o proporcionar-vos el servei demanat.<\/span><\/p>\n<p>&nbsp;<\/p>\n<p><span style=\"font-weight: 400;\">No divulguem les vostres Dades de car\u00e0cter personal a tercers no autoritzats. No obstant aix\u00f2, podem compartir les vostres dades amb:<\/span><\/p>\n<p><span style=\"font-weight: 400;\">&#8211; el personal dels encarregats del tractament als quals Les Grands Buffets pot rec\u00f3rrer per a la gesti\u00f3 dels serveis (ex.: prove\u00efdors t\u00e8cnics d&#8217;allotjament i manteniment, assessors, etc.);<\/span><\/p>\n<p><span style=\"font-weight: 400;\">&#8211; <\/span><span style=\"font-weight: 400;\">els socis habilitats per oferir-vos certs serveis proposats al Portal d&#8217;internet.<\/span><\/p>\n<p><span style=\"font-weight: 400;\"> Ens assegurem que aquests destinataris implementin mesures de seguretat i confidencialitat adequades per tal que les vostres Dades de car\u00e0cter personal estiguin protegides.<\/span><\/p>\n<p><span style=\"font-weight: 400;\"> No autoritzem aquests destinataris a utilitzar o divulgar les vostres Dades, tret de la mesura necess\u00e0ria per executar els serveis per compte nostre o respectar les obligacions legals. D&#8217;altra banda, podem compartir Dades de car\u00e0cter personal sobre vost\u00e8 (i) si la llei o un procediment jur\u00eddic ens obliga a fer-ho, (ii) en resposta a una petici\u00f3 de les autoritats p\u00fabliques o d&#8217;altres funcionaris, o (iii) si considerem que la transmissi\u00f3 d&#8217;aquestes dades \u00e9s necess\u00e0ria o adequada, per garantir la seguretat de les persones o protegir el p\u00fablic i per protegir els nostres drets i propietats aix\u00ed com els dels nostres clients.<\/span><\/p>\n<p>&nbsp;<\/p>\n<h2>DADES DE CAR\u00c0CTER PERSONAL SENSIBLES<\/h2>\n<p>&nbsp;<\/p>\n<p><span style=\"font-weight: 400;\">Com a regla general, no recollim Dades de car\u00e0cter personal sensibles mitjan\u00e7ant el nostre Portal d&#8217;internet. Es consideren \u00ab<\/span><b>Dades de car\u00e0cter personal sensibles<\/b><span style=\"font-weight: 400;\">\u00bb qualsevol informaci\u00f3 sobre l&#8217;origen racial o \u00e8tnic, les opinions pol\u00edtiques, la religi\u00f3 o les conviccions filos\u00f2fiques, l&#8217;afiliaci\u00f3 sindical, les dades de salut, o les dades sobre la vida sexual o l&#8217;orientaci\u00f3 sexual d&#8217;una persona f\u00edsica. Aquesta definici\u00f3 tamb\u00e9 inclou Dades de car\u00e0cter personal relatives a condemnes penals i a infraccions.<\/span><\/p>\n<p>&nbsp;<\/p>\n<p><span style=\"font-weight: 400;\">En el sup\u00f2sit que la recollida de tals dades fos estrictament necess\u00e0ria per complir la finalitat de tractament operada, ho farem d&#8217;acord amb els requisits de la legislaci\u00f3 local en mat\u00e8ria de protecci\u00f3 de Dades de car\u00e0cter personal i, en particular, amb el vostre acord expl\u00edcit previ i en les condicions descrites en la present Pol\u00edtica de privadesa.<\/span><\/p>\n<p>&nbsp;<\/p>\n<h2>INFORMACI\u00d3 PERSONAL I MENORS<\/h2>\n<p>&nbsp;<\/p>\n<p><span style=\"font-weight: 400;\">El Portal s&#8217;adre\u00e7a a persones majors d&#8217;edat capaces de contraure obligacions d&#8217;acord amb la legislaci\u00f3 del pa\u00eds en el qual us trobeu.<\/span><\/p>\n<p>&nbsp;<\/p>\n<p><span style=\"font-weight: 400;\">A Fran\u00e7a, l&#8217;Usuari menor de 15 anys o incapa\u00e7 ha d&#8217;obtenir el consentiment previ del seu responsable legal abans d&#8217;introduir les seves dades al Portal d&#8217;internet.<\/span><\/p>\n<p>&nbsp;<\/p>\n<h2>ELS VOSTRES DRETS<\/h2>\n<p><span style=\"font-weight: 400;\">Les Grands Buffets es compromet a facilitar l&#8217;exercici dels vostres drets d&#8217;acord amb la normativa aplicable. Trobareu a continuaci\u00f3 una taula que resumeix els diferents drets de qu\u00e8 disposeu: <\/span><\/p>\n<table class=\"politics-table-second\">\n<tbody>\n<tr>\n<td><span style=\"font-weight: 400;\">DRET D&#8217;ACC\u00c9S I DE RECTIFICACI\u00d3<\/span><\/td>\n<td><span style=\"font-weight: 400;\">Podeu sol\u00b7licitar <\/span><b>l&#8217;acc\u00e9s<\/b><span style=\"font-weight: 400;\"> a les vostres Dades de car\u00e0cter personal de qu\u00e8 disposem sobre vost\u00e8. Tamb\u00e9 podeu demanar la <\/span><b>rectificaci\u00f3<\/b><span style=\"font-weight: 400;\"> de les Dades que siguin inexactes, o que les Dades incompletes siguin completades.<\/span><\/p>\n<p><span style=\"font-weight: 400;\">Tamb\u00e9 teniu el dret de con\u00e8ixer les fonts d&#8217;aquestes Dades de car\u00e0cter personal.<\/span><\/td>\n<\/tr>\n<tr>\n<td><span style=\"font-weight: 400;\">DRET DE SUPRESSI\u00d3<\/span><\/td>\n<td><span style=\"font-weight: 400;\">El vostre dret a l&#8217;oblit us autoritza a demanar <\/span><b>la supressi\u00f3<\/b><span style=\"font-weight: 400;\"> de les vostres Dades de car\u00e0cter personal quan:<\/span><\/p>\n<p><span style=\"font-weight: 400;\"> (i)<\/span> <span style=\"font-weight: 400;\">les Dades ja no siguin necess\u00e0ries per a les finalitats per a les quals van ser recollides i tractades;<\/span><\/p>\n<p><span style=\"font-weight: 400;\"> (ii)<\/span> <span style=\"font-weight: 400;\">decidiu retirar el vostre consentiment (en els casos en qu\u00e8 el vostre consentiment hagi estat recollit com a base jur\u00eddica del tractament). Aquesta retirada no impacta la licitud del tractament abans de la seva implementaci\u00f3;<\/span><\/p>\n<p><span style=\"font-weight: 400;\"> (iii)<\/span> <span style=\"font-weight: 400;\">us oposeu al tractament de les vostres Dades;<\/span><\/p>\n<p><span style=\"font-weight: 400;\"> (iv)<\/span> <span style=\"font-weight: 400;\">les vostres Dades han estat tractades de manera il\u00b7l\u00edcita;<\/span><\/p>\n<p><span style=\"font-weight: 400;\"> (v)<\/span> <span style=\"font-weight: 400;\">les vostres Dades han de ser esborrades per respectar una obligaci\u00f3 legal; o<\/span><\/p>\n<p><span style=\"font-weight: 400;\"> (vi)<\/span> <span style=\"font-weight: 400;\">la seva supressi\u00f3 \u00e9s requerida per garantir el respecte de la legislaci\u00f3 aplicable.<\/span><\/td>\n<\/tr>\n<tr>\n<td><span style=\"font-weight: 400;\">DRET A LA LIMITACI\u00d3 DEL TRACTAMENT<\/span><\/td>\n<td><span style=\"font-weight: 400;\">Tamb\u00e9 podeu demanar la limitaci\u00f3 al tractament de les vostres Dades si:<\/span><\/p>\n<p><span style=\"font-weight: 400;\"> (i)<\/span> <span style=\"font-weight: 400;\">q\u00fcestioneu l&#8217;exactitud de les vostres Dades;<\/span><\/p>\n<p><span style=\"font-weight: 400;\"> (ii)<\/span> <span style=\"font-weight: 400;\">ja no necessitem les vostres Dades per a les necessitats del tractament; i,<\/span><\/p>\n<p><span style=\"font-weight: 400;\"> (iii)<\/span> <span style=\"font-weight: 400;\">us heu oposat al tractament de les vostres Dades per motius leg\u00edtims.<\/span><\/td>\n<\/tr>\n<tr>\n<td><span style=\"font-weight: 400;\">DRET D&#8217;OPOSICI\u00d3<\/span><\/td>\n<td><span style=\"font-weight: 400;\">Teniu el dret d&#8217;oposar-vos (dret de \u00abretirada\u00bb) al tractament de les vostres Dades (especialment al perfilatge o a les comunicacions comercials). Quan tractem les vostres Dades basant-nos en el vostre consentiment, podeu retirar-lo en qualsevol moment.<\/span><\/p>\n<p><span style=\"font-weight: 400;\">Tamb\u00e9 ens podeu demanar en qualsevol moment deixar de rebre els nostres missatges d&#8217;informaci\u00f3 comercial posant-vos en contacte amb nosaltres directament i gratu\u00eftament, o mitjan\u00e7ant l&#8217;enlla\u00e7 de baixa incl\u00f2s en qualsevol prospecci\u00f3 que us pogu\u00e9ssim enviar per correu electr\u00f2nic o enviant un email a l&#8217;adre\u00e7a indicada a continuaci\u00f3. Aquesta oposici\u00f3 no perjudica la legalitat dels enviaments realitzats abans de la seva implementaci\u00f3.<\/span><\/td>\n<\/tr>\n<tr>\n<td><span style=\"font-weight: 400;\">DRET A PRESENTAR UNA RECLAMACI\u00d3<\/span><\/td>\n<td><span style=\"font-weight: 400;\">Podeu decidir presentar una reclamaci\u00f3 davant la Commission Nationale de l&#8217;Informatique et des Libert\u00e9s (CNIL) mitjan\u00e7ant l&#8217;enlla\u00e7 seg\u00fcent: <\/span><a href=\"http:\/\/www.cnil.fr\/\"><span style=\"font-weight: 400;\">www.cnil.fr<\/span><\/a><span style=\"font-weight: 400;\">.<\/span><\/td>\n<\/tr>\n<\/tbody>\n<\/table>\n<p>&nbsp;<\/p>\n<p><span style=\"font-weight: 400;\">Per exercir aquests drets, us podeu posar en contacte amb nosaltres mitjan\u00e7ant l&#8217;adre\u00e7a responsabletraitementdonnees@lesgrandsbuffets.com. Us podem demanar informaci\u00f3 addicional per identificar-vos i poder tractar la vostra sol\u00b7licitud.<\/span><\/p>\n<h2>SEGURETAT<\/h2>\n<p>&nbsp;<\/p>\n<p><span style=\"font-weight: 400;\">Implementem totes les mesures t\u00e8cniques i organitzatives per tal d&#8217;assegurar la seguretat i la confidencialitat dels tractaments de Dades de car\u00e0cter personal.<\/span><\/p>\n<p>&nbsp;<\/p>\n<p><span style=\"font-weight: 400;\">En aquest sentit, prenem totes les precaucions \u00fatils, d&#8217;acord amb la naturalesa de les Dades i els riscos presentats pel tractament, per preservar la seguretat de les dades i, especialment, per evitar que siguin deformades, malmeses o que tercers no autoritzats hi tinguin acc\u00e9s (protecci\u00f3 f\u00edsica dels locals, processos d&#8217;autenticaci\u00f3 amb acc\u00e9s personal i segur mitjan\u00e7ant identificadors i contrasenyes confidencials, registre de connexions, xifratge de certes dades, etc.).<\/span><\/p>\n<h2>ENLLA\u00c7OS A ALTRES LLOCS WEB<\/h2>\n<p>&nbsp;<\/p>\n<p><span style=\"font-weight: 400;\">Podem proporcionar molt ocasionalment enlla\u00e7os a altres llocs d&#8217;Internet a t\u00edtol pr\u00e0ctic i informatiu. Aquests llocs d&#8217;Internet socis funcionen de manera independent dels nostres llocs i no estan sota el nostre control. Aquests llocs operats per tercers poden tenir el seu propi av\u00eds de privadesa o condicions d&#8217;\u00fas, que us suggerim encaridament que examineu. Declinem tota responsabilitat quant al contingut d&#8217;aquests llocs, els productes i serveis que s&#8217;hi puguin oferir o qualsevol altre \u00fas.<\/span><\/p>\n<p>&nbsp;<\/p>\n<h2>ACTUALITZACI\u00d3 DE LA NOSTRA POL\u00cdTICA DE PRIVADESA<\/h2>\n<p>&nbsp;<\/p>\n<p><span style=\"font-weight: 400;\">Podem actualitzar o modificar, puntualment, la present pol\u00edtica en el sup\u00f2sit que els nostres Serveis o les nostres obligacions legals evolucionin de manera substancial. En el cas que f\u00e9ssim canvis significatius en la present pol\u00edtica, publicar\u00edem una nota d&#8217;informaci\u00f3 al nostre Portal en el moment de l&#8217;entrada en aplicaci\u00f3 dels canvis en q\u00fcesti\u00f3. Consulteu regularment aquesta p\u00e0gina per a un seguiment de les modificacions.<\/span><\/p>\n<p>&nbsp;<\/p>\n<p><span style=\"font-weight: 400;\">Si teniu preguntes o comentaris pel que fa a aquesta pol\u00edtica, no dubteu a posar-vos en contacte amb nosaltres a l&#8217;adre\u00e7a <\/span><\/p>\n<p><a href=\"mailto:responsabletraitementdonnees@lesgrandsbuffets.com\"><span style=\"font-weight: 400;\">responsabletraitementdonnees@lesgrandsbuffets.com<\/span><\/a><\/p>\n","protected":false},"excerpt":{"rendered":"<p>Pol\u00edtica de privadesa &nbsp; Les Grands Buffets construeix amb els seus clients, els seus socis i els seus col\u00b7laboradors relacions fortes i duradores, basades en la confian\u00e7a rec\u00edproca: garantir la seguretat i la confidencialitat de les seves dades de car\u00e0cter personal \u00e9s una prioritat absoluta per a Les Grands Buffets. &nbsp; Les Grands Buffets respecta [&hellip;]<\/p>\n","protected":false},"author":1,"featured_media":0,"parent":0,"menu_order":0,"comment_status":"closed","ping_status":"closed","template":"","meta":{"_acf_changed":false,"_et_pb_use_builder":"","_et_pb_old_content":"","_et_gb_content_width":"","footnotes":""},"class_list":["post-8139","page","type-page","status-publish","hentry"],"acf":[],"yoast_head":"<!-- This site is optimized with the Yoast SEO plugin v27.4 - https:\/\/yoast.com\/product\/yoast-seo-wordpress\/ -->\n<title>Politique de confidentialit\u00e9 - Les Grands Buffets<\/title>\n<meta name=\"robots\" content=\"index, follow, max-snippet:-1, max-image-preview:large, max-video-preview:-1\" \/>\n<link rel=\"canonical\" href=\"https:\/\/www.lesgrandsbuffets.com\/ca\/politica-privadesa-avis-legal\/\" \/>\n<meta property=\"og:locale\" content=\"ca_ES\" \/>\n<meta property=\"og:type\" content=\"article\" \/>\n<meta property=\"og:title\" content=\"Politique de confidentialit\u00e9 - Les Grands Buffets\" \/>\n<meta property=\"og:description\" content=\"Pol\u00edtica de privadesa &nbsp; Les Grands Buffets construeix amb els seus clients, els seus socis i els seus col\u00b7laboradors relacions fortes i duradores, basades en la confian\u00e7a rec\u00edproca: garantir la seguretat i la confidencialitat de les seves dades de car\u00e0cter personal \u00e9s una prioritat absoluta per a Les Grands Buffets. &nbsp; Les Grands Buffets respecta [&hellip;]\" \/>\n<meta property=\"og:url\" content=\"https:\/\/www.lesgrandsbuffets.com\/ca\/politica-privadesa-avis-legal\/\" \/>\n<meta property=\"og:site_name\" content=\"Les Grands Buffets\" \/>\n<meta property=\"article:modified_time\" content=\"2026-02-02T09:50:10+00:00\" \/>\n<meta name=\"twitter:card\" content=\"summary_large_image\" \/>\n<meta name=\"twitter:label1\" content=\"Temps estimat de lectura\" \/>\n\t<meta name=\"twitter:data1\" content=\"16 minuts\" \/>\n<script type=\"application\/ld+json\" class=\"yoast-schema-graph\">{\"@context\":\"https:\\\/\\\/schema.org\",\"@graph\":[{\"@type\":\"WebPage\",\"@id\":\"https:\\\/\\\/www.lesgrandsbuffets.com\\\/ca\\\/politica-privadesa-avis-legal\\\/\",\"url\":\"https:\\\/\\\/www.lesgrandsbuffets.com\\\/ca\\\/politica-privadesa-avis-legal\\\/\",\"name\":\"Politique de confidentialit\u00e9 - Les Grands Buffets\",\"isPartOf\":{\"@id\":\"https:\\\/\\\/www.lesgrandsbuffets.com\\\/ca\\\/#website\"},\"datePublished\":\"2023-02-14T17:05:07+00:00\",\"dateModified\":\"2026-02-02T09:50:10+00:00\",\"breadcrumb\":{\"@id\":\"https:\\\/\\\/www.lesgrandsbuffets.com\\\/ca\\\/politica-privadesa-avis-legal\\\/#breadcrumb\"},\"inLanguage\":\"ca\",\"potentialAction\":[{\"@type\":\"ReadAction\",\"target\":[\"https:\\\/\\\/www.lesgrandsbuffets.com\\\/ca\\\/politica-privadesa-avis-legal\\\/\"]}]},{\"@type\":\"BreadcrumbList\",\"@id\":\"https:\\\/\\\/www.lesgrandsbuffets.com\\\/ca\\\/politica-privadesa-avis-legal\\\/#breadcrumb\",\"itemListElement\":[{\"@type\":\"ListItem\",\"position\":1,\"name\":\"Accueil\",\"item\":\"https:\\\/\\\/www.lesgrandsbuffets.com\\\/ca\\\/\"},{\"@type\":\"ListItem\",\"position\":2,\"name\":\"Politique de confidentialit\u00e9\"}]},{\"@type\":\"WebSite\",\"@id\":\"https:\\\/\\\/www.lesgrandsbuffets.com\\\/ca\\\/#website\",\"url\":\"https:\\\/\\\/www.lesgrandsbuffets.com\\\/ca\\\/\",\"name\":\"Les Grands Buffets\",\"description\":\"Maison fond\u00e9e en 1989\",\"publisher\":{\"@id\":\"https:\\\/\\\/www.lesgrandsbuffets.com\\\/ca\\\/#organization\"},\"potentialAction\":[{\"@type\":\"SearchAction\",\"target\":{\"@type\":\"EntryPoint\",\"urlTemplate\":\"https:\\\/\\\/www.lesgrandsbuffets.com\\\/ca\\\/?s={search_term_string}\"},\"query-input\":{\"@type\":\"PropertyValueSpecification\",\"valueRequired\":true,\"valueName\":\"search_term_string\"}}],\"inLanguage\":\"ca\"},{\"@type\":\"Organization\",\"@id\":\"https:\\\/\\\/www.lesgrandsbuffets.com\\\/ca\\\/#organization\",\"name\":\"Les Grands Buffets\",\"url\":\"https:\\\/\\\/www.lesgrandsbuffets.com\\\/ca\\\/\",\"logo\":{\"@type\":\"ImageObject\",\"inLanguage\":\"ca\",\"@id\":\"https:\\\/\\\/www.lesgrandsbuffets.com\\\/ca\\\/#\\\/schema\\\/logo\\\/image\\\/\",\"url\":\"https:\\\/\\\/www.lesgrandsbuffets.com\\\/wp-content\\\/uploads\\\/2025\\\/08\\\/LOGO-GB-2205-BLANC-LGB-favicon-BG.png\",\"contentUrl\":\"https:\\\/\\\/www.lesgrandsbuffets.com\\\/wp-content\\\/uploads\\\/2025\\\/08\\\/LOGO-GB-2205-BLANC-LGB-favicon-BG.png\",\"width\":512,\"height\":512,\"caption\":\"Les Grands Buffets\"},\"image\":{\"@id\":\"https:\\\/\\\/www.lesgrandsbuffets.com\\\/ca\\\/#\\\/schema\\\/logo\\\/image\\\/\"}}]}<\/script>\n<!-- \/ Yoast SEO plugin. -->","yoast_head_json":{"title":"Politique de confidentialit\u00e9 - Les Grands Buffets","robots":{"index":"index","follow":"follow","max-snippet":"max-snippet:-1","max-image-preview":"max-image-preview:large","max-video-preview":"max-video-preview:-1"},"canonical":"https:\/\/www.lesgrandsbuffets.com\/ca\/politica-privadesa-avis-legal\/","og_locale":"ca_ES","og_type":"article","og_title":"Politique de confidentialit\u00e9 - Les Grands Buffets","og_description":"Pol\u00edtica de privadesa &nbsp; Les Grands Buffets construeix amb els seus clients, els seus socis i els seus col\u00b7laboradors relacions fortes i duradores, basades en la confian\u00e7a rec\u00edproca: garantir la seguretat i la confidencialitat de les seves dades de car\u00e0cter personal \u00e9s una prioritat absoluta per a Les Grands Buffets. &nbsp; Les Grands Buffets respecta [&hellip;]","og_url":"https:\/\/www.lesgrandsbuffets.com\/ca\/politica-privadesa-avis-legal\/","og_site_name":"Les Grands Buffets","article_modified_time":"2026-02-02T09:50:10+00:00","twitter_card":"summary_large_image","twitter_misc":{"Temps estimat de lectura":"16 minuts"},"schema":{"@context":"https:\/\/schema.org","@graph":[{"@type":"WebPage","@id":"https:\/\/www.lesgrandsbuffets.com\/ca\/politica-privadesa-avis-legal\/","url":"https:\/\/www.lesgrandsbuffets.com\/ca\/politica-privadesa-avis-legal\/","name":"Politique de confidentialit\u00e9 - Les Grands Buffets","isPartOf":{"@id":"https:\/\/www.lesgrandsbuffets.com\/ca\/#website"},"datePublished":"2023-02-14T17:05:07+00:00","dateModified":"2026-02-02T09:50:10+00:00","breadcrumb":{"@id":"https:\/\/www.lesgrandsbuffets.com\/ca\/politica-privadesa-avis-legal\/#breadcrumb"},"inLanguage":"ca","potentialAction":[{"@type":"ReadAction","target":["https:\/\/www.lesgrandsbuffets.com\/ca\/politica-privadesa-avis-legal\/"]}]},{"@type":"BreadcrumbList","@id":"https:\/\/www.lesgrandsbuffets.com\/ca\/politica-privadesa-avis-legal\/#breadcrumb","itemListElement":[{"@type":"ListItem","position":1,"name":"Accueil","item":"https:\/\/www.lesgrandsbuffets.com\/ca\/"},{"@type":"ListItem","position":2,"name":"Politique de confidentialit\u00e9"}]},{"@type":"WebSite","@id":"https:\/\/www.lesgrandsbuffets.com\/ca\/#website","url":"https:\/\/www.lesgrandsbuffets.com\/ca\/","name":"Les Grands Buffets","description":"Maison fond\u00e9e en 1989","publisher":{"@id":"https:\/\/www.lesgrandsbuffets.com\/ca\/#organization"},"potentialAction":[{"@type":"SearchAction","target":{"@type":"EntryPoint","urlTemplate":"https:\/\/www.lesgrandsbuffets.com\/ca\/?s={search_term_string}"},"query-input":{"@type":"PropertyValueSpecification","valueRequired":true,"valueName":"search_term_string"}}],"inLanguage":"ca"},{"@type":"Organization","@id":"https:\/\/www.lesgrandsbuffets.com\/ca\/#organization","name":"Les Grands Buffets","url":"https:\/\/www.lesgrandsbuffets.com\/ca\/","logo":{"@type":"ImageObject","inLanguage":"ca","@id":"https:\/\/www.lesgrandsbuffets.com\/ca\/#\/schema\/logo\/image\/","url":"https:\/\/www.lesgrandsbuffets.com\/wp-content\/uploads\/2025\/08\/LOGO-GB-2205-BLANC-LGB-favicon-BG.png","contentUrl":"https:\/\/www.lesgrandsbuffets.com\/wp-content\/uploads\/2025\/08\/LOGO-GB-2205-BLANC-LGB-favicon-BG.png","width":512,"height":512,"caption":"Les Grands Buffets"},"image":{"@id":"https:\/\/www.lesgrandsbuffets.com\/ca\/#\/schema\/logo\/image\/"}}]}},"_links":{"self":[{"href":"https:\/\/www.lesgrandsbuffets.com\/ca\/wp-json\/wp\/v2\/pages\/8139","targetHints":{"allow":["GET"]}}],"collection":[{"href":"https:\/\/www.lesgrandsbuffets.com\/ca\/wp-json\/wp\/v2\/pages"}],"about":[{"href":"https:\/\/www.lesgrandsbuffets.com\/ca\/wp-json\/wp\/v2\/types\/page"}],"author":[{"embeddable":true,"href":"https:\/\/www.lesgrandsbuffets.com\/ca\/wp-json\/wp\/v2\/users\/1"}],"replies":[{"embeddable":true,"href":"https:\/\/www.lesgrandsbuffets.com\/ca\/wp-json\/wp\/v2\/comments?post=8139"}],"version-history":[{"count":0,"href":"https:\/\/www.lesgrandsbuffets.com\/ca\/wp-json\/wp\/v2\/pages\/8139\/revisions"}],"wp:attachment":[{"href":"https:\/\/www.lesgrandsbuffets.com\/ca\/wp-json\/wp\/v2\/media?parent=8139"}],"curies":[{"name":"wp","href":"https:\/\/api.w.org\/{rel}","templated":true}]}}