{"id":7603,"date":"2025-07-22T11:28:51","date_gmt":"2025-07-22T11:28:51","guid":{"rendered":"https:\/\/www.lesgrandsbuffets.com\/?post_type=faq&#038;p=7603"},"modified":"2026-04-03T11:35:04","modified_gmt":"2026-04-03T11:35:04","slug":"les-enfants-a-compter-du-1er-octobre-2025","status":"publish","type":"faq","link":"https:\/\/www.lesgrandsbuffets.com\/fr\/faq\/les-enfants-a-compter-du-1er-octobre-2025\/","title":{"rendered":"Les enfants"},"content":{"rendered":"<p>Les petits gastronomes sont les bienvenus cependant, un <strong>repas aux grands Buffets dure environ 3h<\/strong>, une exp\u00e9rience merveilleuse mais parfois beaucoup trop longue pour les tout-petits.<\/p>\n<p>C\u2019est pourquoi nous recommandons aujourd\u2019hui aux parents des plus jeunes enfants de leur r\u00e9server cette exp\u00e9rience unique pour plus tard, pour le plus grand plaisir de tous.<\/p>\n<ul>\n<li>Les Grands Buffets ne proposent <strong>pas de \u00ab menu enfant \u00bb<\/strong><\/li>\n<li>Les Grands Buffets ne proposent <strong>pas de r\u00e9duction pour les enfants quel que soit leur \u00e2ge<\/strong>.<\/li>\n<\/ul>\n<p>Les <strong>enfants, quel que soit leur \u00e2ge, doivent \u00eatre inclus dans le nombre total de convives de la table d\u00e8s la prise de r\u00e9servation<\/strong>.<\/p>\n","protected":false},"parent":0,"template":"","meta":{"_acf_changed":false,"_et_pb_use_builder":"","_et_pb_old_content":"","_et_gb_content_width":""},"categorie-faq":[10],"class_list":["post-7603","faq","type-faq","status-publish","hentry","categorie-faq-reservations"],"acf":[],"yoast_head":"<!-- This site is optimized with the Yoast SEO plugin v27.4 - https:\/\/yoast.com\/product\/yoast-seo-wordpress\/ -->\n<title>Enfants aux Grands Buffets : conditions de r\u00e9servation<\/title>\n<meta name=\"description\" content=\"Les Grands Buffets n\u2019ont pas de menu ni de tarif enfant. Les enfants comptent comme des adultes lors de la r\u00e9servation et au moment du repas.\" \/>\n<meta name=\"robots\" content=\"index, follow, max-snippet:-1, max-image-preview:large, max-video-preview:-1\" \/>\n<link rel=\"canonical\" href=\"https:\/\/www.lesgrandsbuffets.com\/fr\/faq\/les-enfants-a-compter-du-1er-octobre-2025\/\" \/>\n<meta property=\"og:locale\" content=\"fr_FR\" \/>\n<meta property=\"og:type\" content=\"article\" \/>\n<meta property=\"og:title\" content=\"Enfants aux Grands Buffets : conditions de r\u00e9servation\" \/>\n<meta property=\"og:description\" content=\"Les Grands Buffets n\u2019ont pas de menu ni de tarif enfant. Les enfants comptent comme des adultes lors de la r\u00e9servation et au moment du repas.\" \/>\n<meta property=\"og:url\" content=\"https:\/\/www.lesgrandsbuffets.com\/fr\/faq\/les-enfants-a-compter-du-1er-octobre-2025\/\" \/>\n<meta property=\"og:site_name\" content=\"Les Grands Buffets\" \/>\n<meta property=\"article:modified_time\" content=\"2026-04-03T11:35:04+00:00\" \/>\n<meta name=\"twitter:card\" content=\"summary_large_image\" \/>\n<meta name=\"twitter:label1\" content=\"Dur\u00e9e de lecture estim\u00e9e\" \/>\n\t<meta name=\"twitter:data1\" content=\"1 minute\" \/>\n<script type=\"application\/ld+json\" class=\"yoast-schema-graph\">{\"@context\":\"https:\\\/\\\/schema.org\",\"@graph\":[{\"@type\":\"WebPage\",\"@id\":\"https:\\\/\\\/www.lesgrandsbuffets.com\\\/fr\\\/faq\\\/les-enfants-a-compter-du-1er-octobre-2025\\\/\",\"url\":\"https:\\\/\\\/www.lesgrandsbuffets.com\\\/fr\\\/faq\\\/les-enfants-a-compter-du-1er-octobre-2025\\\/\",\"name\":\"Enfants aux Grands Buffets : conditions de r\u00e9servation\",\"isPartOf\":{\"@id\":\"https:\\\/\\\/www.lesgrandsbuffets.com\\\/fr\\\/#website\"},\"datePublished\":\"2025-07-22T11:28:51+00:00\",\"dateModified\":\"2026-04-03T11:35:04+00:00\",\"description\":\"Les Grands Buffets n\u2019ont pas de menu ni de tarif enfant. Les enfants comptent comme des adultes lors de la r\u00e9servation et au moment du repas.\",\"breadcrumb\":{\"@id\":\"https:\\\/\\\/www.lesgrandsbuffets.com\\\/fr\\\/faq\\\/les-enfants-a-compter-du-1er-octobre-2025\\\/#breadcrumb\"},\"inLanguage\":\"fr-FR\",\"potentialAction\":[{\"@type\":\"ReadAction\",\"target\":[\"https:\\\/\\\/www.lesgrandsbuffets.com\\\/fr\\\/faq\\\/les-enfants-a-compter-du-1er-octobre-2025\\\/\"]}]},{\"@type\":\"BreadcrumbList\",\"@id\":\"https:\\\/\\\/www.lesgrandsbuffets.com\\\/fr\\\/faq\\\/les-enfants-a-compter-du-1er-octobre-2025\\\/#breadcrumb\",\"itemListElement\":[{\"@type\":\"ListItem\",\"position\":1,\"name\":\"Accueil\",\"item\":\"https:\\\/\\\/www.lesgrandsbuffets.com\\\/fr\\\/\"},{\"@type\":\"ListItem\",\"position\":2,\"name\":\"Les enfants\"}]},{\"@type\":\"WebSite\",\"@id\":\"https:\\\/\\\/www.lesgrandsbuffets.com\\\/fr\\\/#website\",\"url\":\"https:\\\/\\\/www.lesgrandsbuffets.com\\\/fr\\\/\",\"name\":\"Les Grands Buffets\",\"description\":\"Maison fond\u00e9e en 1989\",\"publisher\":{\"@id\":\"https:\\\/\\\/www.lesgrandsbuffets.com\\\/fr\\\/#organization\"},\"potentialAction\":[{\"@type\":\"SearchAction\",\"target\":{\"@type\":\"EntryPoint\",\"urlTemplate\":\"https:\\\/\\\/www.lesgrandsbuffets.com\\\/fr\\\/?s={search_term_string}\"},\"query-input\":{\"@type\":\"PropertyValueSpecification\",\"valueRequired\":true,\"valueName\":\"search_term_string\"}}],\"inLanguage\":\"fr-FR\"},{\"@type\":\"Organization\",\"@id\":\"https:\\\/\\\/www.lesgrandsbuffets.com\\\/fr\\\/#organization\",\"name\":\"Les Grands Buffets\",\"url\":\"https:\\\/\\\/www.lesgrandsbuffets.com\\\/fr\\\/\",\"logo\":{\"@type\":\"ImageObject\",\"inLanguage\":\"fr-FR\",\"@id\":\"https:\\\/\\\/www.lesgrandsbuffets.com\\\/fr\\\/#\\\/schema\\\/logo\\\/image\\\/\",\"url\":\"https:\\\/\\\/www.lesgrandsbuffets.com\\\/wp-content\\\/uploads\\\/2025\\\/08\\\/LOGO-GB-2205-BLANC-LGB-favicon-BG.png\",\"contentUrl\":\"https:\\\/\\\/www.lesgrandsbuffets.com\\\/wp-content\\\/uploads\\\/2025\\\/08\\\/LOGO-GB-2205-BLANC-LGB-favicon-BG.png\",\"width\":512,\"height\":512,\"caption\":\"Les Grands Buffets\"},\"image\":{\"@id\":\"https:\\\/\\\/www.lesgrandsbuffets.com\\\/fr\\\/#\\\/schema\\\/logo\\\/image\\\/\"}}]}<\/script>\n<!-- \/ Yoast SEO plugin. -->","yoast_head_json":{"title":"Enfants aux Grands Buffets : conditions de r\u00e9servation","description":"Les Grands Buffets n\u2019ont pas de menu ni de tarif enfant. Les enfants comptent comme des adultes lors de la r\u00e9servation et au moment du repas.","robots":{"index":"index","follow":"follow","max-snippet":"max-snippet:-1","max-image-preview":"max-image-preview:large","max-video-preview":"max-video-preview:-1"},"canonical":"https:\/\/www.lesgrandsbuffets.com\/fr\/faq\/les-enfants-a-compter-du-1er-octobre-2025\/","og_locale":"fr_FR","og_type":"article","og_title":"Enfants aux Grands Buffets : conditions de r\u00e9servation","og_description":"Les Grands Buffets n\u2019ont pas de menu ni de tarif enfant. Les enfants comptent comme des adultes lors de la r\u00e9servation et au moment du repas.","og_url":"https:\/\/www.lesgrandsbuffets.com\/fr\/faq\/les-enfants-a-compter-du-1er-octobre-2025\/","og_site_name":"Les Grands Buffets","article_modified_time":"2026-04-03T11:35:04+00:00","twitter_card":"summary_large_image","twitter_misc":{"Dur\u00e9e de lecture estim\u00e9e":"1 minute"},"schema":{"@context":"https:\/\/schema.org","@graph":[{"@type":"WebPage","@id":"https:\/\/www.lesgrandsbuffets.com\/fr\/faq\/les-enfants-a-compter-du-1er-octobre-2025\/","url":"https:\/\/www.lesgrandsbuffets.com\/fr\/faq\/les-enfants-a-compter-du-1er-octobre-2025\/","name":"Enfants aux Grands Buffets : conditions de r\u00e9servation","isPartOf":{"@id":"https:\/\/www.lesgrandsbuffets.com\/fr\/#website"},"datePublished":"2025-07-22T11:28:51+00:00","dateModified":"2026-04-03T11:35:04+00:00","description":"Les Grands Buffets n\u2019ont pas de menu ni de tarif enfant. Les enfants comptent comme des adultes lors de la r\u00e9servation et au moment du repas.","breadcrumb":{"@id":"https:\/\/www.lesgrandsbuffets.com\/fr\/faq\/les-enfants-a-compter-du-1er-octobre-2025\/#breadcrumb"},"inLanguage":"fr-FR","potentialAction":[{"@type":"ReadAction","target":["https:\/\/www.lesgrandsbuffets.com\/fr\/faq\/les-enfants-a-compter-du-1er-octobre-2025\/"]}]},{"@type":"BreadcrumbList","@id":"https:\/\/www.lesgrandsbuffets.com\/fr\/faq\/les-enfants-a-compter-du-1er-octobre-2025\/#breadcrumb","itemListElement":[{"@type":"ListItem","position":1,"name":"Accueil","item":"https:\/\/www.lesgrandsbuffets.com\/fr\/"},{"@type":"ListItem","position":2,"name":"Les enfants"}]},{"@type":"WebSite","@id":"https:\/\/www.lesgrandsbuffets.com\/fr\/#website","url":"https:\/\/www.lesgrandsbuffets.com\/fr\/","name":"Les Grands Buffets","description":"Maison fond\u00e9e en 1989","publisher":{"@id":"https:\/\/www.lesgrandsbuffets.com\/fr\/#organization"},"potentialAction":[{"@type":"SearchAction","target":{"@type":"EntryPoint","urlTemplate":"https:\/\/www.lesgrandsbuffets.com\/fr\/?s={search_term_string}"},"query-input":{"@type":"PropertyValueSpecification","valueRequired":true,"valueName":"search_term_string"}}],"inLanguage":"fr-FR"},{"@type":"Organization","@id":"https:\/\/www.lesgrandsbuffets.com\/fr\/#organization","name":"Les Grands Buffets","url":"https:\/\/www.lesgrandsbuffets.com\/fr\/","logo":{"@type":"ImageObject","inLanguage":"fr-FR","@id":"https:\/\/www.lesgrandsbuffets.com\/fr\/#\/schema\/logo\/image\/","url":"https:\/\/www.lesgrandsbuffets.com\/wp-content\/uploads\/2025\/08\/LOGO-GB-2205-BLANC-LGB-favicon-BG.png","contentUrl":"https:\/\/www.lesgrandsbuffets.com\/wp-content\/uploads\/2025\/08\/LOGO-GB-2205-BLANC-LGB-favicon-BG.png","width":512,"height":512,"caption":"Les Grands Buffets"},"image":{"@id":"https:\/\/www.lesgrandsbuffets.com\/fr\/#\/schema\/logo\/image\/"}}]}},"_links":{"self":[{"href":"https:\/\/www.lesgrandsbuffets.com\/fr\/wp-json\/wp\/v2\/faq\/7603","targetHints":{"allow":["GET"]}}],"collection":[{"href":"https:\/\/www.lesgrandsbuffets.com\/fr\/wp-json\/wp\/v2\/faq"}],"about":[{"href":"https:\/\/www.lesgrandsbuffets.com\/fr\/wp-json\/wp\/v2\/types\/faq"}],"wp:attachment":[{"href":"https:\/\/www.lesgrandsbuffets.com\/fr\/wp-json\/wp\/v2\/media?parent=7603"}],"wp:term":[{"taxonomy":"categorie-faq","embeddable":true,"href":"https:\/\/www.lesgrandsbuffets.com\/fr\/wp-json\/wp\/v2\/categorie-faq?post=7603"}],"curies":[{"name":"wp","href":"https:\/\/api.w.org\/{rel}","templated":true}]}}